{"id":61,"date":"2016-02-25T10:16:36","date_gmt":"2016-02-25T09:16:36","guid":{"rendered":"http:\/\/main.fsv-stadeln.de\/?page_id=61"},"modified":"2016-02-25T14:25:08","modified_gmt":"2016-02-25T13:25:08","slug":"chronik","status":"publish","type":"page","link":"https:\/\/www.fsv-stadeln.de\/?page_id=61","title":{"rendered":"IB Westphal &#8211; Chronik"},"content":{"rendered":"<p>Die Privatmannschaft \u201eWestphal\u201c wurde im Jahre 1947 von Robert Rosskopf gegr\u00fcndet, welcher noch immer als \u201ePassiver\u201c und mittlerweile 61 Jahre bei der Mannschaft ist. Im gleichem Atemzug m\u00fcssen hier Georg Ringler und Fritz Hofbauer erw\u00e4hnt werden, welche zwischenzeitlich als \u201ePassive\u201c seit mittlerweile 61 bzw. 59 Jahren bei der Mannschaft sind.<\/p>\n<p>Im Jahre 1947 gr\u00fcndete sich der heute Mannschaftsteil der \u201eIB\/Westphal\u201c \u2013 die Privatmannschaft \u201eWestphalia\u201c als untere Mannschaft der Spielvereinigung F\u00fcrth. Bereits 1949 gelang die Erringung der Kreismeisterschaft im Raum N\u00fcrnberg\/F\u00fcrth mit den Spielern Buchner, Dietrich, Gmeiner, Hofbauer, Holfelder, H\u00fcbschmann, Knorr, Pfann, Ringler, Rosskopf, Wolfellner und Wurm-Trageiser. Sie haben sich zusammengeschlossen, um im Freundeskreis und Kameradschaft sich aus der schweren Kriegszeit heraus im sportlichen Geist zu treffen und um fr\u00f6hliche Stunden miteinander zu verleben.<\/p>\n<p>Nachdem 1952 Leo Rose die Pokalrunde f\u00fcr N\u00fcrnberg\/F\u00fcrther Privatmannschaften ins Leben rief, wurde die damalige Westphalmannschaft in dieser Runde aufgenommen. Einer der H\u00f6hepunkte der Mannschaft war das Jahr 1956, es wurde der 1. Platz mit 41:3 Punkten in der Pokalrunde errungen und anschlie\u00dfend die Vereinsmeisterschaft der Spielvereinigung F\u00fcrth gewonnen.<\/p>\n<p>Diese beiden Erfolge waren Anlass eine 14-t\u00e4gige Busreise nach Spanien zu unternehmen. Der sportliche Erfolg gegen mit Berufsspielern verst\u00e4rkten Mannschaften der 3. Spanischen Division war mit zwei Unentschieden und einer knappen 1:0 Niederlage beachtenswert. Nach einem 1:1 gegen eine Bezirksauswahl von Tarragona und einer knappen 0:1 Niederlage gegen den damaligen Tabellenf\u00fchrer der spanischen 3. Division CD Gallur erk\u00e4mpfte sich die Mannschaft im schwersten Treffen gegen den CD Caspe ein imponierendes 1:1. Bei der Mannschaft von CD Caspe wirkten damals 5 Spieler der Mannschaft der 1. spanischen Division Real Zaragossa mit, darunter auch der Spieler Rivas. Der Radiosender \u201eRadio National Zaragossa\u201c \u00fcbertrug die zweite Halbzeit des Spiels gegen CD Gallur damals live.<\/p>\n<p>Nach wechselvollen Jahren zeichnete sich ein \u00e4hnlicher Erfolg wie 1956 ab, denn 1976 errang die Mannschaft die Vereinsmeisterschaft auf dem Felde und im Winter 1977 die Vereinsmeisterschaft in der Halle. 1977 wurde der 1. Platz in der Pokalrunde mit 15 Siegen, 3 Niederlagen, 52:16 Toren und 30:6 Punkten errungen. Gespielt haben 1977 u.a. die Spieler Seubert, Aarma, Werner, Schaper, Scherzer, Gersch, H\u00e4fner, Pech, Fischer, Hofmann und M\u00e4rz. Betreut wurde die Mannschaft damals durch Brand, Gundermann und Wal.<\/p>\n<p>Nennenswert ist auch, dass der damalige Allroundspieler Hans Pr\u00f6ll bereits 1975 f\u00fcr sein 1.000 Spiel geehrt wurde.<\/p>\n<p>Der ehemalige Mannschaftsteil \u201eIB\u201c ist jedoch noch \u00e4lter als der ehemalige Mannschaftsteil \u201eWestphalia\u201c. Der ehemalige Mannschaftsteil \u201eIB\u201c wurde in einer Festschrift der SpVgg F\u00fcrth erw\u00e4hnt und hierbei wurde als Gr\u00fcndungsjahr 1911 angegeben.<\/p>\n<p>Vor ca. 15 Jahren fusionierten beide Mannschaften infolge Spielermangels und f\u00fchrten fortan den Namen IB\/Westphal.<\/p>\n<p>Die PM IB\/Westphal ist seit dem 01.01.1999 beim FSV Stadeln geschlossen.<br \/>\nDie Vorrunde der Saison 1998\/1999 wurde noch unter dem Namen SpVgg Greuther F\u00fcrth IB\/Westphal, die R\u00fcckrunde 1999 unter FSV Stadeln IB\/Westphal gespielt. In diesem Jahre konnten wir die Meisterschaft in der Klasse im W\u00f6hrl-Cup erringen und sind in die Liga im W\u00f6hrl-Cup aufgestiegen. Nach 2 Abstiegen spielt die PM IB\/Westphal derzeit im W\u00f6hrl-Cup in der Gruppe.<\/p>\n<p>Nach wechselvollen Jahren zeichnet sich langsam wieder der sportliche Erfolg ab. Es gelingt auch immer wieder, dass junge Spieler zur Mannschaft kommen und bleiben.<\/p>\n","protected":false},"excerpt":{"rendered":"<p>Die Privatmannschaft \u201eWestphal\u201c wurde im Jahre 1947 von Robert Rosskopf gegr\u00fcndet, welcher noch immer als \u201ePassiver\u201c und mittlerweile 61 Jahre bei der Mannschaft ist. Im gleichem Atemzug m\u00fcssen hier Georg Ringler und Fritz Hofbauer erw\u00e4hnt werden, welche zwischenzeitlich als \u201ePassive\u201c seit mittlerweile 61 bzw. 59 Jahren bei der Mannschaft sind. Im Jahre 1947 gr\u00fcndete sich der heute Mannschaftsteil der \u201eIB\/Westphal\u201c [&hellip;]<\/p>\n","protected":false},"author":1,"featured_media":0,"parent":32,"menu_order":0,"comment_status":"closed","ping_status":"closed","template":"","meta":{"_monsterinsights_skip_tracking":false,"_monsterinsights_sitenote_active":false,"_monsterinsights_sitenote_note":"","_monsterinsights_sitenote_category":0,"footnotes":""},"class_list":["post-61","page","type-page","status-publish","hentry"],"aioseo_notices":[],"_links":{"self":[{"href":"https:\/\/www.fsv-stadeln.de\/index.php?rest_route=\/wp\/v2\/pages\/61","targetHints":{"allow":["GET"]}}],"collection":[{"href":"https:\/\/www.fsv-stadeln.de\/index.php?rest_route=\/wp\/v2\/pages"}],"about":[{"href":"https:\/\/www.fsv-stadeln.de\/index.php?rest_route=\/wp\/v2\/types\/page"}],"author":[{"embeddable":true,"href":"https:\/\/www.fsv-stadeln.de\/index.php?rest_route=\/wp\/v2\/users\/1"}],"replies":[{"embeddable":true,"href":"https:\/\/www.fsv-stadeln.de\/index.php?rest_route=%2Fwp%2Fv2%2Fcomments&post=61"}],"version-history":[{"count":3,"href":"https:\/\/www.fsv-stadeln.de\/index.php?rest_route=\/wp\/v2\/pages\/61\/revisions"}],"predecessor-version":[{"id":93,"href":"https:\/\/www.fsv-stadeln.de\/index.php?rest_route=\/wp\/v2\/pages\/61\/revisions\/93"}],"up":[{"embeddable":true,"href":"https:\/\/www.fsv-stadeln.de\/index.php?rest_route=\/wp\/v2\/pages\/32"}],"wp:attachment":[{"href":"https:\/\/www.fsv-stadeln.de\/index.php?rest_route=%2Fwp%2Fv2%2Fmedia&parent=61"}],"curies":[{"name":"wp","href":"https:\/\/api.w.org\/{rel}","templated":true}]}}