{"id":349,"date":"2016-03-06T18:33:22","date_gmt":"2016-03-06T17:33:22","guid":{"rendered":"http:\/\/main.fsv-stadeln.de\/?page_id=349"},"modified":"2025-03-13T21:22:38","modified_gmt":"2025-03-13T20:22:38","slug":"fitness-info","status":"publish","type":"page","link":"https:\/\/www.fsv-stadeln.de\/?page_id=349","title":{"rendered":"Fitness &#8211; Info"},"content":{"rendered":"<p>Der FSV Stadeln bietet seinen Mitgliedern ein kleines, feines Studio mit Umkleidekabinen und Duschr\u00e4umen.<\/p>\n<table style=\"border-collapse: collapse; width: 100%;\">\n<tbody>\n<tr>\n<td style=\"width: 33.333333%;\"><a href=\"https:\/\/www.fsv-stadeln.de\/wp-content\/uploads\/2025\/03\/20250309_101341.jpg\"><img loading=\"lazy\" decoding=\"async\" class=\"alignnone wp-image-7553 size-full\" src=\"https:\/\/www.fsv-stadeln.de\/wp-content\/uploads\/2025\/03\/20250309_101341.jpg\" alt=\"\" width=\"1024\" height=\"768\" srcset=\"https:\/\/www.fsv-stadeln.de\/wp-content\/uploads\/2025\/03\/20250309_101341.jpg 1024w, https:\/\/www.fsv-stadeln.de\/wp-content\/uploads\/2025\/03\/20250309_101341-300x225.jpg 300w, https:\/\/www.fsv-stadeln.de\/wp-content\/uploads\/2025\/03\/20250309_101341-768x576.jpg 768w\" sizes=\"auto, (max-width: 1024px) 100vw, 1024px\" \/><\/a><\/td>\n<td style=\"width: 33.333333%;\"><a href=\"https:\/\/www.fsv-stadeln.de\/wp-content\/uploads\/2025\/03\/20250309_101302.jpg\"><img loading=\"lazy\" decoding=\"async\" class=\"alignnone wp-image-7552 size-full\" src=\"https:\/\/www.fsv-stadeln.de\/wp-content\/uploads\/2025\/03\/20250309_101302.jpg\" alt=\"\" width=\"1024\" height=\"768\" srcset=\"https:\/\/www.fsv-stadeln.de\/wp-content\/uploads\/2025\/03\/20250309_101302.jpg 1024w, https:\/\/www.fsv-stadeln.de\/wp-content\/uploads\/2025\/03\/20250309_101302-300x225.jpg 300w, https:\/\/www.fsv-stadeln.de\/wp-content\/uploads\/2025\/03\/20250309_101302-768x576.jpg 768w\" sizes=\"auto, (max-width: 1024px) 100vw, 1024px\" \/><\/a><\/td>\n<td style=\"width: 33.333333%;\"><a href=\"https:\/\/www.fsv-stadeln.de\/wp-content\/uploads\/2025\/03\/20250309_101247.jpg\"><img loading=\"lazy\" decoding=\"async\" class=\"alignnone wp-image-7551 size-full\" src=\"https:\/\/www.fsv-stadeln.de\/wp-content\/uploads\/2025\/03\/20250309_101247.jpg\" alt=\"\" width=\"1024\" height=\"768\" srcset=\"https:\/\/www.fsv-stadeln.de\/wp-content\/uploads\/2025\/03\/20250309_101247.jpg 1024w, https:\/\/www.fsv-stadeln.de\/wp-content\/uploads\/2025\/03\/20250309_101247-300x225.jpg 300w, https:\/\/www.fsv-stadeln.de\/wp-content\/uploads\/2025\/03\/20250309_101247-768x576.jpg 768w\" sizes=\"auto, (max-width: 1024px) 100vw, 1024px\" \/><\/a><\/td>\n<\/tr>\n<tr>\n<td style=\"width: 33.333333%;\"><a href=\"https:\/\/www.fsv-stadeln.de\/wp-content\/uploads\/2025\/03\/20220215_165913.jpg\"><img loading=\"lazy\" decoding=\"async\" class=\"alignnone wp-image-7549 size-full\" src=\"https:\/\/www.fsv-stadeln.de\/wp-content\/uploads\/2025\/03\/20220215_165913.jpg\" alt=\"\" width=\"1024\" height=\"768\" srcset=\"https:\/\/www.fsv-stadeln.de\/wp-content\/uploads\/2025\/03\/20220215_165913.jpg 1024w, https:\/\/www.fsv-stadeln.de\/wp-content\/uploads\/2025\/03\/20220215_165913-300x225.jpg 300w, https:\/\/www.fsv-stadeln.de\/wp-content\/uploads\/2025\/03\/20220215_165913-768x576.jpg 768w\" sizes=\"auto, (max-width: 1024px) 100vw, 1024px\" \/><\/a><\/td>\n<td style=\"width: 33.333333%;\"><a href=\"https:\/\/www.fsv-stadeln.de\/wp-content\/uploads\/2025\/03\/20250309_101225.jpg\"><img loading=\"lazy\" decoding=\"async\" class=\"alignnone wp-image-7550 size-full\" src=\"https:\/\/www.fsv-stadeln.de\/wp-content\/uploads\/2025\/03\/20250309_101225.jpg\" alt=\"\" width=\"1024\" height=\"768\" srcset=\"https:\/\/www.fsv-stadeln.de\/wp-content\/uploads\/2025\/03\/20250309_101225.jpg 1024w, https:\/\/www.fsv-stadeln.de\/wp-content\/uploads\/2025\/03\/20250309_101225-300x225.jpg 300w, https:\/\/www.fsv-stadeln.de\/wp-content\/uploads\/2025\/03\/20250309_101225-768x576.jpg 768w\" sizes=\"auto, (max-width: 1024px) 100vw, 1024px\" \/><\/a><\/td>\n<td style=\"width: 33.333333%;\"><a href=\"https:\/\/www.fsv-stadeln.de\/wp-content\/uploads\/2025\/03\/20220215_165822.jpg\"><img loading=\"lazy\" decoding=\"async\" class=\"alignnone wp-image-7548 size-full\" src=\"https:\/\/www.fsv-stadeln.de\/wp-content\/uploads\/2025\/03\/20220215_165822.jpg\" alt=\"\" width=\"1024\" height=\"768\" srcset=\"https:\/\/www.fsv-stadeln.de\/wp-content\/uploads\/2025\/03\/20220215_165822.jpg 1024w, https:\/\/www.fsv-stadeln.de\/wp-content\/uploads\/2025\/03\/20220215_165822-300x225.jpg 300w, https:\/\/www.fsv-stadeln.de\/wp-content\/uploads\/2025\/03\/20220215_165822-768x576.jpg 768w\" sizes=\"auto, (max-width: 1024px) 100vw, 1024px\" \/><\/a><\/td>\n<\/tr>\n<\/tbody>\n<\/table>\n<p><strong>\u00d6ffnungszeiten<\/strong><br \/>\nMontag bis Samstag von 8:00 bis 21:00 Uhr<br \/>\nSonntag von 10:00 bis 15:00 Uhr<\/p>\n<p>Das Training von Jugendlichen von 16 bis 18 Jahren ist nur in Anwesenheit eines\u00a0Trainers, Erwachsenen oder einer Studioaufsicht gestattet<\/p>\n<p><strong>Kontakt<\/strong><br \/>\nArno R\u00f6der<\/p>\n<p>Mobil: 0179 21 84 360<br \/>\nFirma: 0911 97 41 471<\/p>\n<p>Email: roeder.arno@t-online.de<\/p>\n<h5>F\u00fcr das aerobe Training stehen bereit:<\/h5>\n<p>2 Crosstrainer<br \/>\n2 Laufb\u00e4nder<br \/>\n4 Ergometer<\/p>\n<h5>F\u00fcr das Fitnesstraining stehen bereit:<\/h5>\n<p>Power-Center f\u00fcr Brust-, Schulter-, R\u00fccken-, Bauch-, Arm- und Beinmuskulatur, Multipresse und Bankdr\u00fccken;\u00a0Sling-Traine;\u00a0R\u00fcckenstrecker f\u00fcr die untere R\u00fcckenmuskulatur;<br \/>\nBeinpresse, Beinstrecker, Beinbeuger, Wadenpresse, Abduktor- und Adduktorenmaschine;\u00a0Bizepsmaschine;\u00a0Cross-Over-Kabelzug;\u00a0Kurzhanteln bis zu einem Gewicht von 30 kg;<\/p>\n<p>Allen Fitnessraumnutzer w\u00fcnschen wir viel Spa\u00df beim Training.<\/p>\n<h5>Probetraining<\/h5>\n<p>Interessierte k\u00f6nnen gerne und jederzeit unter den oben aufgef\u00fchrten Telefonnummern mit mir ein kostenloses Probetraining vereinbaren\u00a0oder treffen mich immer Dienstag, Mittwoch und Donnerstag von jeweils 16 bis 17:30 Uhr pers\u00f6nlich im Fitnessraum des FSV Stadeln an.<\/p>\n<p>Arno R\u00f6der<\/p>\n","protected":false},"excerpt":{"rendered":"<p>Der FSV Stadeln bietet seinen Mitgliedern ein kleines, feines Studio mit Umkleidekabinen und Duschr\u00e4umen. \u00d6ffnungszeiten Montag bis Samstag von 8:00 bis 21:00 Uhr Sonntag von 10:00 bis 15:00 Uhr Das Training von Jugendlichen von 16 bis 18 Jahren ist nur in Anwesenheit eines\u00a0Trainers, Erwachsenen oder einer Studioaufsicht gestattet Kontakt Arno R\u00f6der Mobil: 0179 21 84 360 Firma: 0911 97 41 [&hellip;]<\/p>\n","protected":false},"author":1,"featured_media":0,"parent":0,"menu_order":0,"comment_status":"closed","ping_status":"closed","template":"","meta":{"_monsterinsights_skip_tracking":false,"_monsterinsights_sitenote_active":false,"_monsterinsights_sitenote_note":"","_monsterinsights_sitenote_category":0,"footnotes":""},"class_list":["post-349","page","type-page","status-publish","hentry"],"aioseo_notices":[],"_links":{"self":[{"href":"https:\/\/www.fsv-stadeln.de\/index.php?rest_route=\/wp\/v2\/pages\/349","targetHints":{"allow":["GET"]}}],"collection":[{"href":"https:\/\/www.fsv-stadeln.de\/index.php?rest_route=\/wp\/v2\/pages"}],"about":[{"href":"https:\/\/www.fsv-stadeln.de\/index.php?rest_route=\/wp\/v2\/types\/page"}],"author":[{"embeddable":true,"href":"https:\/\/www.fsv-stadeln.de\/index.php?rest_route=\/wp\/v2\/users\/1"}],"replies":[{"embeddable":true,"href":"https:\/\/www.fsv-stadeln.de\/index.php?rest_route=%2Fwp%2Fv2%2Fcomments&post=349"}],"version-history":[{"count":8,"href":"https:\/\/www.fsv-stadeln.de\/index.php?rest_route=\/wp\/v2\/pages\/349\/revisions"}],"predecessor-version":[{"id":7557,"href":"https:\/\/www.fsv-stadeln.de\/index.php?rest_route=\/wp\/v2\/pages\/349\/revisions\/7557"}],"wp:attachment":[{"href":"https:\/\/www.fsv-stadeln.de\/index.php?rest_route=%2Fwp%2Fv2%2Fmedia&parent=349"}],"curies":[{"name":"wp","href":"https:\/\/api.w.org\/{rel}","templated":true}]}}