{"id":188,"date":"2016-03-04T14:06:40","date_gmt":"2016-03-04T13:06:40","guid":{"rendered":"http:\/\/main.fsv-stadeln.de\/?page_id=188"},"modified":"2024-04-03T21:44:57","modified_gmt":"2024-04-03T19:44:57","slug":"verein-waldsportanlage","status":"publish","type":"page","link":"https:\/\/www.fsv-stadeln.de\/?page_id=188","title":{"rendered":"Verein &#8211; Waldsportanlage"},"content":{"rendered":"<p>Unsere Waldsportanlage befindet sich in Stadeln (<a href=\"https:\/\/www.google.de\/maps\/place\/Am+Kronacher+Wald+2,+90765+F\u00fcrth\/@49.5072135,10.983336,17z\/data=!3m1!4b1!4m2!3m1!1s0x47a1fe31c54f6889:0x47ecfbad4c493d10\" target=\"_blank\" rel=\"noopener\">Am Kronacher Wald 2,\u00a090765 F\u00fcrth<\/a>) und bietet Trainings- und Spielm\u00f6glichkeiten f\u00fcr unsere Fu\u00dfballer ebenso wie f\u00fcr unsere Tennis Mitglieder. Ein Fitness Studio und die R\u00e4umlichkeiten f\u00fcr Dart, Zumba und PowerYoga sind vorhanden.<\/p>\n<p>F\u00fcr die Fu\u00dfballer stehen folgende Pl\u00e4tze zur Verf\u00fcgung:<\/p>\n<p>A-Platz &#8211; Rasenplatz<\/p>\n<p>B-Platz &#8211; Rasenplatz<\/p>\n<p>C-Platz &#8211; Kunstrasenplatz mit Flutlicht<\/p>\n<p>Kleinfeldplatz<\/p>\n<p>Schulsportplatz (<a href=\"https:\/\/www.google.de\/maps\/place\/Hans-Sachs-Stra%C3%9Fe+34,+90765+F%C3%BCrth\/@49.5120235,10.9792913,17z\/data=!3m1!4b1!4m7!1m4!3m3!1s0x0:0x0!2zNDnCsDMwJzQ1LjYiTiAxMMKwNTgnNTAuOSJF!3b1!3m1!1s0x47a1fe337fef3c77:0xb80fe785b0e5e43e\">Hans-Sachs-Stra\u00dfe 34, 90765 F\u00fcrth<\/a>)<\/p>\n\n\t\t<style type=\"text\/css\">\n\t\t\t#gallery-1 {\n\t\t\t\tmargin: auto;\n\t\t\t}\n\t\t\t#gallery-1 .gallery-item {\n\t\t\t\tfloat: left;\n\t\t\t\tmargin-top: 10px;\n\t\t\t\ttext-align: center;\n\t\t\t\twidth: 33%;\n\t\t\t}\n\t\t\t#gallery-1 img {\n\t\t\t\tborder: 2px solid #cfcfcf;\n\t\t\t}\n\t\t\t#gallery-1 .gallery-caption {\n\t\t\t\tmargin-left: 0;\n\t\t\t}\n\t\t\t\/* see gallery_shortcode() in wp-includes\/media.php *\/\n\t\t<\/style>\n\t\t<div id='gallery-1' class='gallery galleryid-188 gallery-columns-3 gallery-size-thumbnail'><dl class='gallery-item'>\n\t\t\t<dt class='gallery-icon landscape'>\n\t\t\t\t<a href='https:\/\/www.fsv-stadeln.de\/wp-content\/uploads\/2016\/04\/FSV-Platz-3.jpg'><img loading=\"lazy\" decoding=\"async\" width=\"150\" height=\"150\" src=\"https:\/\/www.fsv-stadeln.de\/wp-content\/uploads\/2016\/04\/FSV-Platz-3-150x150.jpg\" class=\"attachment-thumbnail size-thumbnail\" alt=\"\" srcset=\"https:\/\/www.fsv-stadeln.de\/wp-content\/uploads\/2016\/04\/FSV-Platz-3-150x150.jpg 150w, https:\/\/www.fsv-stadeln.de\/wp-content\/uploads\/2016\/04\/FSV-Platz-3-45x45.jpg 45w\" sizes=\"auto, (max-width: 150px) 100vw, 150px\" \/><\/a>\n\t\t\t<\/dt><\/dl><dl class='gallery-item'>\n\t\t\t<dt class='gallery-icon landscape'>\n\t\t\t\t<a href='https:\/\/www.fsv-stadeln.de\/wp-content\/uploads\/2016\/04\/FSV-Platz-2.jpg'><img loading=\"lazy\" decoding=\"async\" width=\"150\" height=\"150\" src=\"https:\/\/www.fsv-stadeln.de\/wp-content\/uploads\/2016\/04\/FSV-Platz-2-150x150.jpg\" class=\"attachment-thumbnail size-thumbnail\" alt=\"\" srcset=\"https:\/\/www.fsv-stadeln.de\/wp-content\/uploads\/2016\/04\/FSV-Platz-2-150x150.jpg 150w, https:\/\/www.fsv-stadeln.de\/wp-content\/uploads\/2016\/04\/FSV-Platz-2-45x45.jpg 45w\" sizes=\"auto, (max-width: 150px) 100vw, 150px\" \/><\/a>\n\t\t\t<\/dt><\/dl><dl class='gallery-item'>\n\t\t\t<dt class='gallery-icon landscape'>\n\t\t\t\t<a href='https:\/\/www.fsv-stadeln.de\/wp-content\/uploads\/2016\/04\/FSV-Platz-1.jpg'><img loading=\"lazy\" decoding=\"async\" width=\"150\" height=\"150\" src=\"https:\/\/www.fsv-stadeln.de\/wp-content\/uploads\/2016\/04\/FSV-Platz-1-150x150.jpg\" class=\"attachment-thumbnail size-thumbnail\" alt=\"\" srcset=\"https:\/\/www.fsv-stadeln.de\/wp-content\/uploads\/2016\/04\/FSV-Platz-1-150x150.jpg 150w, https:\/\/www.fsv-stadeln.de\/wp-content\/uploads\/2016\/04\/FSV-Platz-1-45x45.jpg 45w\" sizes=\"auto, (max-width: 150px) 100vw, 150px\" \/><\/a>\n\t\t\t<\/dt><\/dl><br style=\"clear: both\" \/>\n\t\t<\/div>\n\n<p>F\u00fcr die Tennisspieler stehen 6 Sandpl\u00e4tze bereit.<\/p>\n<hr \/>\n<p><a href=\"http:\/\/main.fsv-stadeln.de\/?page_id=427\">Platzbelegung<\/a><\/p>\n<p>&nbsp;<\/p>\n","protected":false},"excerpt":{"rendered":"<p>Unsere Waldsportanlage befindet sich in Stadeln (Am Kronacher Wald 2,\u00a090765 F\u00fcrth) und bietet Trainings- und Spielm\u00f6glichkeiten f\u00fcr unsere Fu\u00dfballer ebenso wie f\u00fcr unsere Tennis Mitglieder. Ein Fitness Studio und die R\u00e4umlichkeiten f\u00fcr Dart, Zumba und PowerYoga sind vorhanden. F\u00fcr die Fu\u00dfballer stehen folgende Pl\u00e4tze zur Verf\u00fcgung: A-Platz &#8211; Rasenplatz B-Platz &#8211; Rasenplatz C-Platz &#8211; Kunstrasenplatz mit Flutlicht Kleinfeldplatz Schulsportplatz (Hans-Sachs-Stra\u00dfe [&hellip;]<\/p>\n","protected":false},"author":1,"featured_media":0,"parent":0,"menu_order":0,"comment_status":"closed","ping_status":"closed","template":"","meta":{"_monsterinsights_skip_tracking":false,"_monsterinsights_sitenote_active":false,"_monsterinsights_sitenote_note":"","_monsterinsights_sitenote_category":0,"footnotes":""},"class_list":["post-188","page","type-page","status-publish","hentry"],"aioseo_notices":[],"_links":{"self":[{"href":"https:\/\/www.fsv-stadeln.de\/index.php?rest_route=\/wp\/v2\/pages\/188","targetHints":{"allow":["GET"]}}],"collection":[{"href":"https:\/\/www.fsv-stadeln.de\/index.php?rest_route=\/wp\/v2\/pages"}],"about":[{"href":"https:\/\/www.fsv-stadeln.de\/index.php?rest_route=\/wp\/v2\/types\/page"}],"author":[{"embeddable":true,"href":"https:\/\/www.fsv-stadeln.de\/index.php?rest_route=\/wp\/v2\/users\/1"}],"replies":[{"embeddable":true,"href":"https:\/\/www.fsv-stadeln.de\/index.php?rest_route=%2Fwp%2Fv2%2Fcomments&post=188"}],"version-history":[{"count":13,"href":"https:\/\/www.fsv-stadeln.de\/index.php?rest_route=\/wp\/v2\/pages\/188\/revisions"}],"predecessor-version":[{"id":7130,"href":"https:\/\/www.fsv-stadeln.de\/index.php?rest_route=\/wp\/v2\/pages\/188\/revisions\/7130"}],"wp:attachment":[{"href":"https:\/\/www.fsv-stadeln.de\/index.php?rest_route=%2Fwp%2Fv2%2Fmedia&parent=188"}],"curies":[{"name":"wp","href":"https:\/\/api.w.org\/{rel}","templated":true}]}}