{"id":184,"date":"2016-03-04T14:05:54","date_gmt":"2016-03-04T13:05:54","guid":{"rendered":"http:\/\/main.fsv-stadeln.de\/?page_id=184"},"modified":"2025-02-09T15:59:34","modified_gmt":"2025-02-09T14:59:34","slug":"verein-vorstand","status":"publish","type":"page","link":"https:\/\/www.fsv-stadeln.de\/?page_id=184","title":{"rendered":"Verein &#8211; Vorstandschaft"},"content":{"rendered":"<p>&nbsp;<\/p>\r\n<table style=\"width: 100%; height: 845px;\" border=\"1\">\r\n<tbody>\r\n<tr style=\"height: 87px;\">\r\n<td style=\"height: 87px;\">\r\n<h4><strong>1. Vorstand<\/strong><\/h4>\r\n<\/td>\r\n<td style=\"height: 87px;\">\r\n<h4>\u00a0<strong>Finanzen<\/strong><\/h4>\r\n<\/td>\r\n<\/tr>\r\n<tr style=\"height: 44px;\">\r\n<td style=\"height: 44px;\"><strong><img loading=\"lazy\" decoding=\"async\" class=\"alignnone size-full wp-image-7516\" src=\"https:\/\/www.fsv-stadeln.de\/wp-content\/uploads\/2025\/02\/hermann.png\" alt=\"\" width=\"100\" height=\"100\" srcset=\"https:\/\/www.fsv-stadeln.de\/wp-content\/uploads\/2025\/02\/hermann.png 100w, https:\/\/www.fsv-stadeln.de\/wp-content\/uploads\/2025\/02\/hermann-45x45.png 45w\" sizes=\"auto, (max-width: 100px) 100vw, 100px\" \/>Hermann Lang<\/strong><br \/><a href=\"mailto:vorstand@fsv-stadeln.de\">email<\/a><\/td>\r\n<td style=\"height: 44px;\"><strong><img loading=\"lazy\" decoding=\"async\" class=\"alignnone size-full wp-image-7515\" src=\"https:\/\/www.fsv-stadeln.de\/wp-content\/uploads\/2025\/02\/erwin.png\" alt=\"\" width=\"100\" height=\"101\" srcset=\"https:\/\/www.fsv-stadeln.de\/wp-content\/uploads\/2025\/02\/erwin.png 100w, https:\/\/www.fsv-stadeln.de\/wp-content\/uploads\/2025\/02\/erwin-45x45.png 45w\" sizes=\"auto, (max-width: 100px) 100vw, 100px\" \/>Erwin Brunner<\/strong><br \/><a href=\"mailto:finanzen@fsv-stadeln.de\">email<\/a><\/td>\r\n<\/tr>\r\n<tr style=\"height: 87px;\">\r\n<td style=\"height: 87px;\">\r\n<h4><strong>Verwaltung<\/strong><\/h4>\r\n<\/td>\r\n<td style=\"height: 87px;\">\r\n<h4>\u00a0<strong>Schriftf\u00fchrer<\/strong><\/h4>\r\n<\/td>\r\n<\/tr>\r\n<tr style=\"height: 64px;\">\r\n<td style=\"height: 64px;\"><strong><img loading=\"lazy\" decoding=\"async\" class=\"alignnone size-full wp-image-7517\" src=\"https:\/\/www.fsv-stadeln.de\/wp-content\/uploads\/2025\/02\/Jochen.png\" alt=\"\" width=\"100\" height=\"101\" srcset=\"https:\/\/www.fsv-stadeln.de\/wp-content\/uploads\/2025\/02\/Jochen.png 100w, https:\/\/www.fsv-stadeln.de\/wp-content\/uploads\/2025\/02\/Jochen-45x45.png 45w\" sizes=\"auto, (max-width: 100px) 100vw, 100px\" \/>Jochen Winner<\/strong><br \/><a href=\"mailto:verwaltung@fsv-stadeln.de\">email<\/a><\/td>\r\n<td style=\"height: 64px;\"><strong><img loading=\"lazy\" decoding=\"async\" class=\"alignnone size-full wp-image-7522\" src=\"https:\/\/www.fsv-stadeln.de\/wp-content\/uploads\/2025\/02\/Arno.png\" alt=\"\" width=\"100\" height=\"101\" srcset=\"https:\/\/www.fsv-stadeln.de\/wp-content\/uploads\/2025\/02\/Arno.png 100w, https:\/\/www.fsv-stadeln.de\/wp-content\/uploads\/2025\/02\/Arno-45x45.png 45w\" sizes=\"auto, (max-width: 100px) 100vw, 100px\" \/>Arno R\u00f6der<\/strong><br \/><a href=\"mailto:stadionheft@fsv-stadeln.de\">email<\/a><\/td>\r\n<\/tr>\r\n<tr style=\"height: 87px;\">\r\n<td style=\"height: 87px;\">\r\n<h4><strong>Fussball<\/strong><\/h4>\r\n<\/td>\r\n<td style=\"height: 87px;\">\r\n<h4><strong>Infrastruktur<\/strong><\/h4>\r\n<\/td>\r\n<\/tr>\r\n<tr style=\"height: 134px;\">\r\n<td style=\"height: 134px;\"><img loading=\"lazy\" decoding=\"async\" class=\"alignnone size-full wp-image-7518\" src=\"https:\/\/www.fsv-stadeln.de\/wp-content\/uploads\/2025\/02\/joe.png\" alt=\"\" width=\"100\" height=\"101\" srcset=\"https:\/\/www.fsv-stadeln.de\/wp-content\/uploads\/2025\/02\/joe.png 100w, https:\/\/www.fsv-stadeln.de\/wp-content\/uploads\/2025\/02\/joe-45x45.png 45w\" sizes=\"auto, (max-width: 100px) 100vw, 100px\" \/><strong>Joe Schempp<\/strong><br \/><a href=\"mailto:fussball@fsv-stadeln.de\">email<\/a><\/td>\r\n<td style=\"height: 134px;\"><strong><img loading=\"lazy\" decoding=\"async\" class=\"alignnone size-full wp-image-7519\" src=\"https:\/\/www.fsv-stadeln.de\/wp-content\/uploads\/2025\/02\/michi.png\" alt=\"\" width=\"100\" height=\"101\" srcset=\"https:\/\/www.fsv-stadeln.de\/wp-content\/uploads\/2025\/02\/michi.png 100w, https:\/\/www.fsv-stadeln.de\/wp-content\/uploads\/2025\/02\/michi-45x45.png 45w\" sizes=\"auto, (max-width: 100px) 100vw, 100px\" \/>Michael Lang<\/strong><br \/><a href=\"mailto:infrastruktur@fsv-stadeln.de\">email<\/a><\/td>\r\n<\/tr>\r\n<tr style=\"height: 87px;\">\r\n<td style=\"height: 87px;\">\r\n<h4>Ehrenpr\u00e4sident<\/h4>\r\n<\/td>\r\n<td style=\"height: 87px;\">\u00a0<\/td>\r\n<\/tr>\r\n<tr style=\"height: 64px;\">\r\n<td style=\"height: 64px;\"><strong><img loading=\"lazy\" decoding=\"async\" class=\"alignnone size-full wp-image-7520\" src=\"https:\/\/www.fsv-stadeln.de\/wp-content\/uploads\/2025\/02\/Rudi.png\" alt=\"\" width=\"100\" height=\"101\" srcset=\"https:\/\/www.fsv-stadeln.de\/wp-content\/uploads\/2025\/02\/Rudi.png 100w, https:\/\/www.fsv-stadeln.de\/wp-content\/uploads\/2025\/02\/Rudi-45x45.png 45w\" sizes=\"auto, (max-width: 100px) 100vw, 100px\" \/>Rudi Hirschmann<\/strong><br \/><a href=\"mailto:rudi.hirschmann@web.de\">email<\/a><\/td>\r\n<td style=\"height: 64px;\">\u00a0<\/td>\r\n<\/tr>\r\n<tr style=\"height: 87px;\">\r\n<td style=\"height: 87px;\">\r\n<h4><strong>\u00a0Beirat<\/strong><\/h4>\r\n<\/td>\r\n<td style=\"height: 87px;\">\r\n<h4><strong>Revisoren<\/strong><\/h4>\r\n<\/td>\r\n<\/tr>\r\n<tr style=\"height: 104px;\">\r\n<td style=\"height: 104px;\">Tobias W\u00f6lfel<br \/>Roland Rudolph<br \/>Werner Mayer<br \/>Andreas Klostermeier<br \/>Alen Begovic\u00a0<\/td>\r\n<td style=\"height: 104px;\">Helmut Reiser<br \/>Rainer Ziegler<\/td>\r\n<\/tr>\r\n<\/tbody>\r\n<\/table>\r\n\r\n<p><img loading=\"lazy\" decoding=\"async\" class=\"alignnone size-full wp-image-5806\" src=\"https:\/\/www.fsv-stadeln.de\/wp-content\/uploads\/2020\/11\/Unknown.jpeg\" alt=\"\" width=\"4168\" height=\"2120\" srcset=\"https:\/\/www.fsv-stadeln.de\/wp-content\/uploads\/2020\/11\/Unknown.jpeg 4168w, https:\/\/www.fsv-stadeln.de\/wp-content\/uploads\/2020\/11\/Unknown-300x153.jpeg 300w, https:\/\/www.fsv-stadeln.de\/wp-content\/uploads\/2020\/11\/Unknown-1024x521.jpeg 1024w, https:\/\/www.fsv-stadeln.de\/wp-content\/uploads\/2020\/11\/Unknown-768x391.jpeg 768w, https:\/\/www.fsv-stadeln.de\/wp-content\/uploads\/2020\/11\/Unknown-1536x781.jpeg 1536w, https:\/\/www.fsv-stadeln.de\/wp-content\/uploads\/2020\/11\/Unknown-2048x1042.jpeg 2048w\" sizes=\"auto, (max-width: 4168px) 100vw, 4168px\" \/><\/p>\r\n","protected":false},"excerpt":{"rendered":"<p>&nbsp; 1. Vorstand \u00a0Finanzen Hermann Langemail Erwin Brunneremail Verwaltung \u00a0Schriftf\u00fchrer Jochen Winneremail Arno R\u00f6deremail Fussball Infrastruktur Joe Schemppemail Michael Langemail Ehrenpr\u00e4sident \u00a0 Rudi Hirschmannemail \u00a0 \u00a0Beirat Revisoren Tobias W\u00f6lfelRoland RudolphWerner MayerAndreas KlostermeierAlen Begovic\u00a0 Helmut ReiserRainer Ziegler<\/p>\n","protected":false},"author":1,"featured_media":0,"parent":0,"menu_order":0,"comment_status":"closed","ping_status":"closed","template":"","meta":{"_monsterinsights_skip_tracking":false,"_monsterinsights_sitenote_active":false,"_monsterinsights_sitenote_note":"","_monsterinsights_sitenote_category":0,"footnotes":""},"class_list":["post-184","page","type-page","status-publish","hentry"],"aioseo_notices":[],"_links":{"self":[{"href":"https:\/\/www.fsv-stadeln.de\/index.php?rest_route=\/wp\/v2\/pages\/184","targetHints":{"allow":["GET"]}}],"collection":[{"href":"https:\/\/www.fsv-stadeln.de\/index.php?rest_route=\/wp\/v2\/pages"}],"about":[{"href":"https:\/\/www.fsv-stadeln.de\/index.php?rest_route=\/wp\/v2\/types\/page"}],"author":[{"embeddable":true,"href":"https:\/\/www.fsv-stadeln.de\/index.php?rest_route=\/wp\/v2\/users\/1"}],"replies":[{"embeddable":true,"href":"https:\/\/www.fsv-stadeln.de\/index.php?rest_route=%2Fwp%2Fv2%2Fcomments&post=184"}],"version-history":[{"count":31,"href":"https:\/\/www.fsv-stadeln.de\/index.php?rest_route=\/wp\/v2\/pages\/184\/revisions"}],"predecessor-version":[{"id":7523,"href":"https:\/\/www.fsv-stadeln.de\/index.php?rest_route=\/wp\/v2\/pages\/184\/revisions\/7523"}],"wp:attachment":[{"href":"https:\/\/www.fsv-stadeln.de\/index.php?rest_route=%2Fwp%2Fv2%2Fmedia&parent=184"}],"curies":[{"name":"wp","href":"https:\/\/api.w.org\/{rel}","templated":true}]}}